{"id":4463,"date":"2021-04-07T15:40:49","date_gmt":"2021-04-07T13:40:49","guid":{"rendered":"https:\/\/www.freilicht-theater.net\/reality-close-up\/split-screen-home-copy\/"},"modified":"2021-06-06T10:30:25","modified_gmt":"2021-06-06T08:30:25","slug":"orlando","status":"publish","type":"page","link":"https:\/\/www.freilicht-theater.net\/reality-close-up\/orlando\/","title":{"rendered":"4_Orlando"},"content":{"rendered":"<p>[vc_row css=&#8221;.vc_custom_1620368794137{margin-top: 0px !important;border-top-width: 0px !important;padding-top: 0px !important;}&#8221;][vc_column css=&#8221;.vc_custom_1620368800060{margin-top: 0px !important;border-top-width: 0px !important;padding-top: 0px !important;background-color: #0a0a0a !important;}&#8221;]<div class=\"edgtf-elements-holder   edgtf-one-column  edgtf-responsive-mode-768 \" ><div class=\"edgtf-eh-item  edgtf-vertical-alignment-bottom edgtf-horizontal-alignment-center \" style=\"background-color: #0a0a0a;background-image: url(https:\/\/www.freilicht-theater.net\/reality-close-up\/wp-content\/uploads\/6.-HG-2021-Stueckmotive.jpg)\" data-item-class=\"edgtf-eh-custom-1828\" data-769-1024=\"30% 0 8% 0\" data-681-768=\"35% 0 8% 0\" data-680=\"42% 0 6% 0\">\n\t<div class=\"edgtf-eh-item-inner\">\n\t\t<div class=\"edgtf-eh-item-content edgtf-eh-custom-1828\" style=\"padding: 10% 0 10% 0\">\n\t\t\t<h1 class=\"edgtf-custom-font-holder  edgtf-cf-2310  \" style=\"font-size: 200px;font-weight: 500;text-align: center;color: #ffffff;margin: 20% 0 0 0\" data-item-class=\"edgtf-cf-2310\" data-font-size-1024=\"150px\" data-font-size-768=\"150px\" data-font-size-680=\"80px\" data-line-height-680=\"80px\">\n\tORLANDO<\/h1>\t\t<\/div>\n\t<\/div>\n<\/div><\/div>[\/vc_column][\/vc_row][vc_row][vc_column css=&#8221;.vc_custom_1621671319037{padding-top: 5% !important;background-color: #0a0a0a !important;}&#8221;]<div class=\"edgtf-elements-holder   edgtf-one-column  edgtf-responsive-mode-768 edgtf-one-column-alignment-left\" ><div class=\"edgtf-eh-item  edgtf-vertical-alignment-top  \"  data-item-class=\"edgtf-eh-custom-2581\" data-681-768=\"0 8% 0 8%\" data-680=\"0 6% 0 6%\">\n\t<div class=\"edgtf-eh-item-inner\">\n\t\t<div class=\"edgtf-eh-item-content edgtf-eh-custom-2581\" style=\"padding: 0 20% 0 20%\">\n\t\t\t[vc_column_text css=&#8221;.vc_custom_1622968183875{background-position: center !important;background-repeat: no-repeat !important;background-size: contain !important;}&#8221;]<\/p>\n<p style=\"text-align: justify;\"><span style=\"color: #ffffff;\">Durch Verschiebung des gro\u00dfen Jubil\u00e4umsprogramms \u201e2020\u201c um ein Jahr feiert ORLANDO erst in dieser Spielzeit Premiere. In der Zwischenzeit erhielt der Autor und Regisseur Martin Mader f\u00fcr seinen Text \u201eAbstand ist \u00fcberall\u201c den Rauriser F\u00f6rderungspreis 2021, vergeben vom Land Salzburg und der Gemeinde Rauris. Die Jury fand: \u201eTats\u00e4chlich ist Martin Mader eine \u00e4u\u00dferst eindrucksvolle neue Stimme.\u201c Um so mehr freuen wir uns, dass wir das gesamte Leitungsteam auch f\u00fcr die Spielzeit 2021 wieder engagieren konnten!<\/span><\/p>\n<p style=\"text-align: justify;\"><span style=\"color: #ffffff;\">Vor dem Hintergrund der Geschichte von Virginia Woolfs Figur Orlando, ihrer Verwandlungen und ihrer Zeitreise durch drei Jahrhunderte werden, in der von Martin Mader eigens f\u00fcr den Theatersommer verfassten Adaption, Elemente des Romans szenisch wie musikalisch ineinander verwoben. Die einzigartige Sprachkunst Virginia Woolfs setzt in eindrucksvollen Bildern und intensiven musikalischen Stimmungen\u00a0eine F\u00fclle von Assoziationen frei, die spannungsreiche Kontraste schaffen.<\/span><\/p>\n<p>[\/vc_column_text]<div class=\"edgtf-accordion-holder edgtf-ac-default  edgtf-toggle edgtf-ac-simple edgtf-white-skin clearfix\">\n\t<h2 class=\"edgtf-accordion-title\">\n\t<span class=\"edgtf-tab-title\">Weiter lesen<\/span>\n    <span class=\"edgtf-accordion-mark\">\n\t\t<span class=\"edgtf_icon_plus fas fa-chevron-down\"><\/span>\n\t\t<span class=\"edgtf_icon_minus icon_minus-06\"><\/span>\n\t<\/span>\n<\/h2>\n<div class=\"edgtf-accordion-content\">\n\t<div class=\"edgtf-accordion-content-inner\">\n\t\t[vc_column_text css=&#8221;.vc_custom_1622968190284{background-position: center !important;background-repeat: no-repeat !important;background-size: contain !important;}&#8221; el_class=&#8221;Orlando-Text&#8221;]<\/p>\n<p style=\"text-align: justify;\"><span style=\"color: #ffffff;\">Orlando wendet sich in poetischer Absicht der Natur zu. Denn lockt nicht der Garten auf wundersame Weise mit der M\u00f6glichkeit, besondere Geschichten zu erz\u00e4hlen? Doch wer schreiben m\u00f6chte, muss um die Dinge ringen \u2013 sie entziehen sich st\u00e4ndig dem Zugriff der Sprache. Au\u00dferdem ist da noch die B\u00fchne, auf der die Welt in den Garten hereinbricht. Surrealistische Elemente, Phantasie und Staunen, Verwandlung und Lust tun ihr \u00dcbriges, alles ger\u00e4t in Bewegung. Geschlechterrollen \u00f6ffnen sich, l\u00f6sen sich auf, und existentielle Fragen dr\u00e4ngen ans Licht: Fragen nach Identit\u00e4t, Kunst und Leben, nach Traum und Wirklichkeit, Natur und Gesellschaft. Liebe steht gegen Entt\u00e4uschung, Frau trifft auf Mann, Hoffnung prallt auf Resignation. Mehr noch, Orlando liegt im Streit mit sich selbst: Ein Ich, das sich durch seine eigenen Geschichten begreifen m\u00f6chte; zugleich ein Ich, das sich gegen alle Einordnung, Beschreibung und Interpretation wehrt. Stehen am Ende Leben und Schreiben einander unvereinbar gegen\u00fcber?<\/span><\/p>\n<p>[\/vc_column_text][vc_column_text css=&#8221;.vc_custom_1622968196461{padding-top: 5% !important;padding-right: 10% !important;padding-bottom: 5% !important;padding-left: 10% !important;background-position: center !important;background-repeat: no-repeat !important;background-size: contain !important;}&#8221; el_class=&#8221;Orlando_Text&#8221;]<\/p>\n<h6><\/h6>\n<p style=\"text-align: center;\"><span style=\"color: #ffffff;\"><em>Worte sind wild, frei, unverantwortlich und nicht zu lehren. Nat\u00fcrlich kann man sie einfangen, <\/em><em>einsortieren und sie in alphabetischer Reihenfolge in W\u00f6rterb\u00fccher stecken. Aber dort leben sie nicht.<\/em> (Virginia Woolf)<\/span><\/p>\n<p>[\/vc_column_text][vc_column_text css=&#8221;.vc_custom_1622968203637{background-position: center !important;background-repeat: no-repeat !important;background-size: contain !important;}&#8221; el_class=&#8221;Orlando_Text&#8221;]<\/p>\n<p style=\"text-align: justify;\"><span style=\"color: #ffffff;\"><strong>Young-Artists-Programm<\/strong><\/span><\/p>\n<p style=\"text-align: justify;\"><span style=\"color: #ffffff;\">ORLANDO wird durch ein Young-Artists-Programm mit K\u00fcnstlern aus den Bereichen Theater und Musik realisiert. Mit dem genre\u00fcbergreifenden Impuls m\u00f6chte der Theatersommer k\u00fcnstlerischen Nachwuchs unter Realbedingungen aufbauen. Junge Kreativit\u00e4t entdecken und Zukunftsperspektiven schaffen: Young Artists soll es K\u00fcnstlern und K\u00fcnstlerinnen erm\u00f6glichen, eine experimentelle Inszenierung zu erarbeiten.<\/span><\/p>\n<p style=\"text-align: justify;\"><span style=\"color: #ffffff;\">ORLANDO \u2013 LOOPS OF LOVE ist die erste Inszenierung des Theatersommers mit einem jungen Gast-Regisseur. Die Musik wurde ebenfalls im Rahmen des Young-Artists-Programms und eigens f\u00fcr diese Inszenierung komponiert.<\/span><\/p>\n<p>[\/vc_column_text]\t<\/div>\n<\/div><\/div>\t\t<\/div>\n\t<\/div>\n<\/div><\/div>[\/vc_column][\/vc_row][vc_row][vc_column css=&#8221;.vc_custom_1619555836229{padding-top: 5% !important;padding-right: 5% !important;padding-bottom: 20% !important;padding-left: 5% !important;background-color: #0a0a0a !important;}&#8221;]<div class=\"edgtf-elements-holder   edgtf-one-column  edgtf-responsive-mode-768 \" ><div class=\"edgtf-eh-item    \"  data-item-class=\"edgtf-eh-custom-1259\" data-769-1024=\"0 20% 0 20%\" data-681-768=\"0 8% 0 8%\" data-680=\"0 8% 0 8%\">\n\t<div class=\"edgtf-eh-item-inner\">\n\t\t<div class=\"edgtf-eh-item-content edgtf-eh-custom-1259\" >\n\t\t\t<div class=\"edgtf-portfolio-list-holder edgtf-grid-list edgtf-disable-bottom-space edgtf-pl-gallery edgtf-five-columns edgtf-normal-space edgtf-pl-standard-tilt    edgtf-pl-pag-no-pagination        \"  data-type=gallery data-number-of-columns=five data-space-between-items=normal data-number-of-items=-1 data-image-proportions=full data-enable-fixed-proportions=no data-enable-image-shadow=no data-category=orlando_personen data-orderby=menu_order data-order=ASC data-item-style=standard-tilt data-enable-title=yes data-title-tag=h1 data-enable-category=no data-enable-count-images=no data-enable-excerpt=no data-excerpt-length=20 data-pagination-type=no-pagination data-filter=no data-filter-order-by=name data-enable-article-animation=no data-portfolio-slider-on=no data-enable-fullheight=yes data-enable-loop=yes data-enable-autoplay=yes data-slider-speed=5000 data-slider-speed-animation=600 data-enable-navigation=yes data-enable-pagination=yes data-max-num-pages=0 data-next-page=2>\n\t\t<div class=\"edgtf-pl-inner edgtf-outer-space  clearfix\">\n\t\t<article class=\"edgtf-pl-item edgtf-item-space edgtf-masonry-size-small post-5382 portfolio-item type-portfolio-item status-publish has-post-thumbnail hentry portfolio-category-orlando_personen\">\n\t<div class=\"edgtf-pl-item-inner\">\n\t\t<div class=\"edgtf-pli-image\">\n\t<img decoding=\"async\" src=\"https:\/\/www.freilicht-theater.net\/reality-close-up\/wp-content\/uploads\/RS_WALL_Titelbild_bearbeitet_Jim.jpg\" class=\"attachment-full size-full wp-post-image\" alt=\"\" \/><\/div>\n<div class=\"edgtf-pli-text-holder\" >\n\t<div class=\"edgtf-pli-text-wrapper\">\n\t\t<div class=\"edgtf-pli-text\">\n\t\t\t\t<h1 itemprop=\"name\" class=\"edgtf-pli-title entry-title\" >\n\t\tMartin Mader &#8211; Regie\t<\/h1>\n\n\t\t\t\n\t\t\t\n\t\t\t\t\t<\/div>\n\t<\/div>\n<\/div>\n\t\t<a itemprop=\"url\" class=\"edgtf-pli-link edgtf-block-drag-link\" href=\"https:\/\/www.freilicht-theater.net\/reality-close-up\/portfolio-item\/martin-mader-regie\/\" target=\"_self\"><\/a>\n\t<\/div>\n<\/article><article class=\"edgtf-pl-item edgtf-item-space edgtf-masonry-size-small post-5995 portfolio-item type-portfolio-item status-publish has-post-thumbnail hentry portfolio-category-orlando_personen\">\n\t<div class=\"edgtf-pl-item-inner\">\n\t\t<div class=\"edgtf-pli-image\">\n\t<img decoding=\"async\" src=\"https:\/\/www.freilicht-theater.net\/reality-close-up\/wp-content\/uploads\/RS_WALL_Titelbild_bearbeitet_Jim-2.jpg\" class=\"attachment-full size-full wp-post-image\" alt=\"\" \/><\/div>\n<div class=\"edgtf-pli-text-holder\" >\n\t<div class=\"edgtf-pli-text-wrapper\">\n\t\t<div class=\"edgtf-pli-text\">\n\t\t\t\t<h1 itemprop=\"name\" class=\"edgtf-pli-title entry-title\" >\n\t\tJulia Schnittger &#8211; B\u00fchnenbild\/Kost\u00fcmbild\t<\/h1>\n\n\t\t\t\n\t\t\t\n\t\t\t\t\t<\/div>\n\t<\/div>\n<\/div>\n\t\t<a itemprop=\"url\" class=\"edgtf-pli-link edgtf-block-drag-link\" href=\"https:\/\/www.freilicht-theater.net\/reality-close-up\/portfolio-item\/martin-mader-regie-copy-copy\/\" target=\"_self\"><\/a>\n\t<\/div>\n<\/article><article class=\"edgtf-pl-item edgtf-item-space edgtf-masonry-size-small post-5994 portfolio-item type-portfolio-item status-publish has-post-thumbnail hentry portfolio-category-orlando_personen\">\n\t<div class=\"edgtf-pl-item-inner\">\n\t\t<div class=\"edgtf-pli-image\">\n\t<img decoding=\"async\" src=\"https:\/\/www.freilicht-theater.net\/reality-close-up\/wp-content\/uploads\/RS_WALL_Titelbild_bearbeitet_Jim-3.jpg\" class=\"attachment-full size-full wp-post-image\" alt=\"\" \/><\/div>\n<div class=\"edgtf-pli-text-holder\" >\n\t<div class=\"edgtf-pli-text-wrapper\">\n\t\t<div class=\"edgtf-pli-text\">\n\t\t\t\t<h1 itemprop=\"name\" class=\"edgtf-pli-title entry-title\" >\n\t\tAdrian Laugsch &#8211; Musik\t<\/h1>\n\n\t\t\t\n\t\t\t\n\t\t\t\t\t<\/div>\n\t<\/div>\n<\/div>\n\t\t<a itemprop=\"url\" class=\"edgtf-pli-link edgtf-block-drag-link\" href=\"https:\/\/www.freilicht-theater.net\/reality-close-up\/portfolio-item\/adrian-laugsch\/\" target=\"_self\"><\/a>\n\t<\/div>\n<\/article><article class=\"edgtf-pl-item edgtf-item-space edgtf-masonry-size-small post-5996 portfolio-item type-portfolio-item status-publish has-post-thumbnail hentry portfolio-category-orlando_personen\">\n\t<div class=\"edgtf-pl-item-inner\">\n\t\t<div class=\"edgtf-pli-image\">\n\t<img decoding=\"async\" src=\"https:\/\/www.freilicht-theater.net\/reality-close-up\/wp-content\/uploads\/RS_WALL_Titelbild_bearbeitet_Jim-5.jpg\" class=\"attachment-full size-full wp-post-image\" alt=\"\" \/><\/div>\n<div class=\"edgtf-pli-text-holder\" >\n\t<div class=\"edgtf-pli-text-wrapper\">\n\t\t<div class=\"edgtf-pli-text\">\n\t\t\t\t<h1 itemprop=\"name\" class=\"edgtf-pli-title entry-title\" >\n\t\tTheresa Martini &#8211; Schauspielerin\t<\/h1>\n\n\t\t\t\n\t\t\t\n\t\t\t\t\t<\/div>\n\t<\/div>\n<\/div>\n\t\t<a itemprop=\"url\" class=\"edgtf-pli-link edgtf-block-drag-link\" href=\"https:\/\/www.freilicht-theater.net\/reality-close-up\/portfolio-item\/theresa-martini\/\" target=\"_self\"><\/a>\n\t<\/div>\n<\/article><article class=\"edgtf-pl-item edgtf-item-space edgtf-masonry-size-small post-5997 portfolio-item type-portfolio-item status-publish has-post-thumbnail hentry portfolio-category-orlando_personen\">\n\t<div class=\"edgtf-pl-item-inner\">\n\t\t<div class=\"edgtf-pli-image\">\n\t<img decoding=\"async\" src=\"https:\/\/www.freilicht-theater.net\/reality-close-up\/wp-content\/uploads\/RS_WALL_Titelbild_bearbeitet_Jim-4.jpg\" class=\"attachment-full size-full wp-post-image\" alt=\"\" \/><\/div>\n<div class=\"edgtf-pli-text-holder\" >\n\t<div class=\"edgtf-pli-text-wrapper\">\n\t\t<div class=\"edgtf-pli-text\">\n\t\t\t\t<h1 itemprop=\"name\" class=\"edgtf-pli-title entry-title\" >\n\t\tSergej Czepurnyi &#8211; Schauspieler\t<\/h1>\n\n\t\t\t\n\t\t\t\n\t\t\t\t\t<\/div>\n\t<\/div>\n<\/div>\n\t\t<a itemprop=\"url\" class=\"edgtf-pli-link edgtf-block-drag-link\" href=\"https:\/\/www.freilicht-theater.net\/reality-close-up\/portfolio-item\/theresa-martini-copy\/\" target=\"_self\"><\/a>\n\t<\/div>\n<\/article>\t<\/div>\n\t\n\t<\/div>\t\t<\/div>\n\t<\/div>\n<\/div><\/div>[\/vc_column][\/vc_row]<\/p>\n","protected":false},"excerpt":{"rendered":"<p>[vc_row css=&#8221;.vc_custom_1620368794137{margin-top: 0px !important;border-top-width: 0px !important;padding-top: 0px !important;}&#8221;][vc_column css=&#8221;.vc_custom_1620368800060{margin-top: 0px !important;border-top-width: 0px !important;padding-top: 0px !important;background-color: #0a0a0a !important;}&#8221;][\/vc_column][\/vc_row][vc_row][vc_column css=&#8221;.vc_custom_1621671319037{padding-top: 5% !important;background-color: #0a0a0a !important;}&#8221;][\/vc_column][\/vc_row][vc_row][vc_column css=&#8221;.vc_custom_1619555836229{padding-top: 5% !important;padding-right: 5% !important;padding-bottom: 20% !important;padding-left: 5% !important;background-color: #0a0a0a !important;}&#8221;][\/vc_column][\/vc_row]<\/p>\n","protected":false},"author":1,"featured_media":0,"parent":0,"menu_order":0,"comment_status":"closed","ping_status":"closed","template":"full-width.php","meta":{"footnotes":""},"class_list":["post-4463","page","type-page","status-publish","hentry"],"_links":{"self":[{"href":"https:\/\/www.freilicht-theater.net\/reality-close-up\/wp-json\/wp\/v2\/pages\/4463","targetHints":{"allow":["GET"]}}],"collection":[{"href":"https:\/\/www.freilicht-theater.net\/reality-close-up\/wp-json\/wp\/v2\/pages"}],"about":[{"href":"https:\/\/www.freilicht-theater.net\/reality-close-up\/wp-json\/wp\/v2\/types\/page"}],"author":[{"embeddable":true,"href":"https:\/\/www.freilicht-theater.net\/reality-close-up\/wp-json\/wp\/v2\/users\/1"}],"replies":[{"embeddable":true,"href":"https:\/\/www.freilicht-theater.net\/reality-close-up\/wp-json\/wp\/v2\/comments?post=4463"}],"version-history":[{"count":0,"href":"https:\/\/www.freilicht-theater.net\/reality-close-up\/wp-json\/wp\/v2\/pages\/4463\/revisions"}],"wp:attachment":[{"href":"https:\/\/www.freilicht-theater.net\/reality-close-up\/wp-json\/wp\/v2\/media?parent=4463"}],"curies":[{"name":"wp","href":"https:\/\/api.w.org\/{rel}","templated":true}]}}